{"id":5,"date":"2016-10-01T16:56:37","date_gmt":"2016-10-01T16:56:37","guid":{"rendered":"http:\/\/joachimkrebs.de\/?page_id=5"},"modified":"2023-01-11T10:10:23","modified_gmt":"2023-01-11T10:10:23","slug":"startseite","status":"publish","type":"page","link":"http:\/\/joachimkrebs.de\/?page_id=5&lang=de","title":{"rendered":"JOACHIM KREBS Komponist und Medienk\u00fcnstler (1952-2013)"},"content":{"rendered":"<p><strong>AUSSTELLUNGEN, KONZERTE, VORTR\u00c4GE, PUBLIKATIONEN<br \/>\n<\/strong><br \/>\n<b>Zum 70. Geburtstag von Joachim Krebs &#8211; Veranstaltungsreihe 2022\/23<\/b><br \/>\n&nbsp;<br \/>\nDas Institut f\u00fcr Neue Musik der Hochschule f\u00fcr Musik Karlsruhe pr\u00e4sentiert eine dreiteilige Veranstaltungsreihe \u00fcber den K\u00fcnstler Joachim Krebs. In Kooperation mit der Badischen Landesbibliothek (BLB) und dem ZKM Karlsruhe wird ein weites Spektrum des Werkschaffens und der K\u00fcnstlerpers\u00f6nlichkeit aufgezeigt, durch Auff\u00fchrungen von Instrumental- und Vokalwerken sowie elektroakustischer Klang- und Medienkunst von Joachim Krebs, erg\u00e4nzt durch Vortr\u00e4ge und Gespr\u00e4che.<\/p>\n<span class=\"collapseomatic \" id=\"id69f5db9c0d687\"  tabindex=\"0\" title=\"&lt;b&gt;29.11.2022, 19 Uhr, Badische Landesbibliothek Karlsruhe&lt;\/b&gt;\"    ><b>29.11.2022, 19 Uhr, Badische Landesbibliothek Karlsruhe<\/b><\/span><div id=\"target-id69f5db9c0d687\" class=\"collapseomatic_content \">\n&nbsp;<br \/>\nRufer \u2013 auf Plateau<br \/>\nKammermusikkonzert und Vortrag<br \/>\nMit Werken von Joachim Krebs<\/p>\n<p><a href=\"http:\/\/joachimkrebs.de\/wp-content\/uploads\/2022\/11\/PM-25-2022_11_22-Konzert_Joachim_Krebs.pdf\" target=\"_blank\" rel=\"noopener\">Pressetext der BLB<\/a><\/p>\n<p><a href=\"http:\/\/joachimkrebs.de\/wp-content\/uploads\/2022\/12\/Laudatio-Joachim-Krebs-Juergen-Christ.pdf\" target=\"_blank\" rel=\"noopener\">Laudatio, Prof. J\u00fcrgen Christ, Leiter des Landeszentrums f\u00fcr Musikjournalismus und Musikinformatik<\/a><br \/>\n<\/div>\n&nbsp;<br \/>\n<span class=\"collapseomatic \" id=\"id69f5db9c0d81f\"  tabindex=\"0\" title=\"&lt;b&gt;17.01.2023, Hochschule f\u00fcr Musik Karlsruhe - 18 Uhr Gespr\u00e4ch und 19.30 Uhr Konzert&lt;\/b&gt;\"    ><b>17.01.2023, Hochschule f\u00fcr Musik Karlsruhe - 18 Uhr Gespr\u00e4ch und 19.30 Uhr Konzert<\/b><\/span><div id=\"target-id69f5db9c0d81f\" class=\"collapseomatic_content \">\n&nbsp;<br \/>\nDi, 17.01.2023<br \/>\n18.00 und 19.30 Uhr, Velte-Saal<\/p>\n<p><b>Traumkraut und Rhizom<\/b><br \/>\nZweiteilige Veranstaltung mit Gespr\u00e4ch und Konzert aus Anlass des 70. Geburtstages<br \/>\ndes Komponisten und Medienk\u00fcnstlers Joachim Krebs (1952-2013)<\/p>\n<p><b>18.00 Uhr<br \/>\nFreundeskreisPERS\u00d6NLICH<\/b><br \/>\nDr. h.c. Hans C. Hachmann im Gespr\u00e4ch<br \/>\nmit Sabine Sch\u00e4fer und Prof. Dr. Stefanie Steiner-Grage<\/p>\n<p><b>19.30 Uhr<br \/>\nKonzert mit Werken von Joachim Krebs<\/b><\/p>\n<p><em>Rhizom I<\/em>, 1981<br \/>\nF\u00fcr Bassklarinette solo und Zuspielband, ca. 14\u00b4<br \/>\nValentin von Paschotka-Lipinski, Bassklarinette<br \/>\nZuspielband: Harry Spaarnay (Peermusic Classical Hamburg)<\/p>\n<p><em>Alien Lines and Fields<\/em>, 1993<br \/>\nf\u00fcr Bassklarinette, Violoncello und Klavier, ca.19\u00b4<br \/>\nBassklarinette: Alexandre Lallemang<br \/>\nVioloncello: Fl\u00f3ra Cs\u00f6ke<br \/>\nKlavier: Yue Zou<\/p>\n<p>PAUSE<\/p>\n<p><em>Traumkraut<\/em>, 1981<br \/>\nF\u00fcr Alt, Bariton und 15 Instrumentalisten, ca. 23\u00b4<br \/>\nNach Texten von Ivan Goll<\/p>\n<p>Luise Lotte Edler, Mezzosopran, Klasse Prof. Hanno M\u00fcller-Brachmann<br \/>\nGuillermo Anzorena, Bariton, Neue Vocalsolisten Stuttgart<br \/>\nEnsemble f\u00fcr Neue Musik der Hochschule f\u00fcr Musik Karlsruhe, Dirigent: Joss Reinicke<\/p>\n<p>Koordination: Prof. Manuel Nawri, Prof. Markus Stange<br \/>\nProjektleitung: Sabine Sch\u00e4fer<\/p>\n<p>Informationen auf der Homepage der Hochschule f\u00fcr Musik Karlsruhe<\/p>\n<p>17.01.2023, <a href=\"https:\/\/www.hfm-karlsruhe.de\/veranstaltungen\/freundeskreispersoenlich\" rel=\"noopener\" target=\"_blank\">18.00 Gespr\u00e4ch<\/a><\/p>\n<p>17.01.2023, <a href=\"https:\/\/www.hfm-karlsruhe.de\/veranstaltungen\/traumkraut-und-rhizom\" rel=\"noopener\" target=\"_blank\">19.30 Konzert<\/a><br \/>\n<\/div>\n&nbsp;<br \/>\n<span class=\"collapseomatic \" id=\"id69f5db9c0d8a4\"  tabindex=\"0\" title=\"&lt;b&gt;19.01.2023, 19 Uhr, ZKM Karlsruhe&lt;\/b&gt;\"    ><b>19.01.2023, 19 Uhr, ZKM Karlsruhe<\/b><\/span><div id=\"target-id69f5db9c0d8a4\" class=\"collapseomatic_content \">\n&nbsp;<br \/>\nDo, 19.01.2023<br \/>\n19.00 Uhr \u2013 Vortragssaal des ZKM Karlsruhe<br \/>\n&nbsp;<br \/>\n<b>Das Leben als Experiment<br \/>\nDer Komponist und Medienk\u00fcnstler Joachim Krebs (1952-2013)<\/b><br \/>\n&nbsp;<br \/>\nDie Veranstaltung reflektiert mit Dokumentationen und Werkauff\u00fchrungen den Musiker und Komponisten Joachim Krebs als politischen und transkulturell beeinflussten K\u00fcnstler, als Rockmusiker und Medienk\u00fcnstler.<br \/>\n&nbsp;<br \/>\nVortrag:<br \/>\nProf. Dr. Michael Harenberg, Musikwissenschaftler und Leiter des Studienganges Sound Arts der Hochschule der K\u00fcnste Bern (HKB) von 2002\u20132022<br \/>\n&nbsp;<br \/>\nLive-Auff\u00fchrung:<br \/>\nRhizom I (1981) f\u00fcr Bassklarinette und Zuspielband von Joachim Krebs, Bassklarinette: Valentin von Paschotka-Lipinski (Klasse Prof. Julius Kircher) der Hochschule f\u00fcr Musik Karlsruhe<br \/>\n&nbsp;<br \/>\nPr\u00e4sentation:<br \/>\nElektroakustische und multimediale Sound Art des K\u00fcnstlers<br \/>\nmit Archivalien aus dem Digitalarchiv des ZKM<br \/>\n&nbsp;<br \/>\nK\u00fcnstlerische Auswahl: Sabine Sch\u00e4fer<br \/>\nArchiv: Dipl. Bibl. Hartmut J\u00f6rg, Abteilung Wissen \u2013 Sammlung, Archive, Forschung des ZKM<br \/>\n&nbsp;<br \/>\nKoordination und Projektleitung: Sabine Sch\u00e4fer<\/p>\n<p>Informationen auf der Homepage des ZKM:<\/p>\n<p><a href=\"https:\/\/zkm.de\/de\/veranstaltung\/2023\/01\/das-leben-als-experiment\" rel=\"noopener\" target=\"_blank\">ZKM Karlsruhe<\/a><br \/>\n<\/div>\n&nbsp;<br \/>\n&nbsp;<br \/>\n<b>Leuchtender KLANG \u2013 Klingendes LICHT \u2013 Veranstaltungsreihe 2019<\/b><br \/>\n&nbsp;<br \/>\nDie Badische Landesbibliothek (BLB) pr\u00e4sentiert vom 8.03.-8.06.2019 in Kooperation mit der Hochschule f\u00fcr Musik Karlsruhe, dem ZKM und dem SWR eine Retrospektivausstellung mit den Nachlassarchivalien des Komponisten Joachim Krebs. Ein umfangreiches Begleitprogramm mit Kammermusik, Vortr\u00e4gen und Kuratoren-F\u00fchrungen erg\u00e4nzen die Ausstellung. Kuratorinnen der Ausstellung: Prof. Stefanie Steiner-Grage und Sabine Sch\u00e4fer.<br \/>\n&nbsp;<br \/>\n<span class=\"collapseomatic \" id=\"id69f5db9c0d90d\"  tabindex=\"0\" title=\"&lt;strong&gt;8.03. \u2013 8.06.2019&lt;\/strong&gt;, &lt;strong&gt;Retrospektivausstellung&lt;\/strong&gt;\"    ><strong>8.03. \u2013 8.06.2019<\/strong>, <strong>Retrospektivausstellung<\/strong><\/span><div id=\"target-id69f5db9c0d90d\" class=\"collapseomatic_content \">\nBadischen Landesbibliothek (BLB) Karlsruhe<br \/>\nLeuchtender KLANG- Klingendes LICHT.<br \/>\nDer Komponist und Medienk\u00fcnstler Joachim Krebs (1952-2013)<br \/>\n<a href=\"https:\/\/www.blb-karlsruhe.de\/aktuelles\/ausstellungen\/virtuelle-ausstellungen\/leuchtender-klang-klingendes-licht\" target=\"_blank\" rel=\"noopener noreferrer\">Mehr zur Ausstellung<\/a><br \/>\n<a href=\"https:\/\/www.blb-karlsruhe.de\/files\/user_upload\/5_Aktuelles\/Aktuelle_Ausstellungen\/Joachim_Krebs\/Begleitflyer_Joachim_Krebs.pdf\" target=\"_blank\" rel=\"noopener noreferrer\">Mehr zum Begleitprogramm<\/a><br \/>\n14.5. BLB, Konzert und F\u00fchrung<br \/>\n16.5. BLB, Gespr\u00e4chskonzert<br \/>\n24.5. ZKM Karlsruhe, Konzert<br \/>\n25.5. BLB, F\u00fchrung<br \/>\n7.06. BLB, Konzert<\/p>\n<p><a class=\"fancybox\" href=\"http:\/\/joachimkrebs.de\/wp-content\/uploads\/2019\/06\/2019_BLB_Leuchtender-KLANG-1.jpg\" rel=\"GALL_F\"><br \/>\n<img loading=\"lazy\" decoding=\"async\" class=\"alignnone size-medium wp-image-301\" src=\"http:\/\/joachimkrebs.de\/wp-content\/uploads\/2019\/06\/2019_BLB_Leuchtender-KLANG-1-300x169.jpg\" alt=\"\" width=\"300\" height=\"169\" srcset=\"http:\/\/joachimkrebs.de\/wp-content\/uploads\/2019\/06\/2019_BLB_Leuchtender-KLANG-1-300x169.jpg 300w, http:\/\/joachimkrebs.de\/wp-content\/uploads\/2019\/06\/2019_BLB_Leuchtender-KLANG-1-768x432.jpg 768w, http:\/\/joachimkrebs.de\/wp-content\/uploads\/2019\/06\/2019_BLB_Leuchtender-KLANG-1-1024x576.jpg 1024w\" sizes=\"auto, (max-width: 300px) 100vw, 300px\" \/><br \/>\n<\/a><\/p>\n<div class=\"fancybox-hidden\"><a class=\"fancybox\" href=\"http:\/\/joachimkrebs.de\/wp-content\/uploads\/2019\/06\/2019_BLB_Leuchtender-KLANG-2.jpg\" rel=\"GALL_F\"><br \/>\n<img loading=\"lazy\" decoding=\"async\" class=\"alignnone size-medium wp-image-301\" src=\"http:\/\/joachimkrebs.de\/wp-content\/uploads\/2019\/06\/2019_BLB_Leuchtender-KLANG-2-300x169.jpg\" alt=\"\" width=\"300\" height=\"169\" \/><br \/>\n<\/a><br \/>\n<a class=\"fancybox\" href=\"http:\/\/joachimkrebs.de\/wp-content\/uploads\/2019\/06\/2019_BLB_Leuchtender-KLANG-3-7.jpg\" rel=\"GALL_F\"><br \/>\n<img loading=\"lazy\" decoding=\"async\" class=\"alignnone size-medium wp-image-301\" src=\"http:\/\/joachimkrebs.de\/wp-content\/uploads\/2019\/06\/2019_BLB_Leuchtender-KLANG-3-7-300x169.jpg\" alt=\"\" width=\"300\" height=\"169\" \/><br \/>\n<\/a><br \/>\n<a class=\"fancybox\" href=\"http:\/\/joachimkrebs.de\/wp-content\/uploads\/2019\/06\/2019_BLB_Leuchtender-KLANG-4-5.jpg\" rel=\"GALL_F\"><br \/>\n<img loading=\"lazy\" decoding=\"async\" class=\"alignnone size-medium wp-image-301\" src=\"http:\/\/joachimkrebs.de\/wp-content\/uploads\/2019\/06\/2019_BLB_Leuchtender-KLANG-4-5-300x169.jpg\" alt=\"\" width=\"300\" height=\"169\" \/><br \/>\n<\/a><br \/>\n<a class=\"fancybox\" href=\"http:\/\/joachimkrebs.de\/wp-content\/uploads\/2019\/06\/2019_BLB_Leuchtender-KLANG-5.jpg\" rel=\"GALL_F\"><br \/>\n<img loading=\"lazy\" decoding=\"async\" class=\"alignnone size-medium wp-image-301\" src=\"http:\/\/joachimkrebs.de\/wp-content\/uploads\/2019\/06\/2019_BLB_Leuchtender-KLANG-5-300x169.jpg\" alt=\"\" width=\"300\" height=\"169\" \/><br \/>\n<\/a><br \/>\n<a class=\"fancybox\" href=\"http:\/\/joachimkrebs.de\/wp-content\/uploads\/2019\/06\/2019_BLB_Leuchtender-KLANG-7.jpg\" rel=\"GALL_F\"><br \/>\n<img loading=\"lazy\" decoding=\"async\" class=\"alignnone size-medium wp-image-301\" src=\"http:\/\/joachimkrebs.de\/wp-content\/uploads\/2019\/06\/2019_BLB_Leuchtender-KLANG-7-300x169.jpg\" alt=\"\" width=\"300\" height=\"169\" \/><br \/>\n<\/a><br \/>\n<a class=\"fancybox\" href=\"http:\/\/joachimkrebs.de\/wp-content\/uploads\/2019\/06\/2019_BLB_Leuchtender-KLANG-8-3.jpg\" rel=\"GALL_F\"><br \/>\n<img loading=\"lazy\" decoding=\"async\" class=\"alignnone size-medium wp-image-301\" src=\"http:\/\/joachimkrebs.de\/wp-content\/uploads\/2019\/06\/2019_BLB_Leuchtender-KLANG-8-3-300x169.jpg\" alt=\"\" width=\"300\" height=\"169\" \/><br \/>\n<\/a><\/div>\n<\/div>\n&nbsp;<br \/>\n<span class=\"collapseomatic \" id=\"id69f5db9c0d976\"  tabindex=\"0\" title=\"&lt;strong&gt;Di, 14.5.2019, Badische Landesbibliothek&lt;\/strong&gt;\"    ><strong>Di, 14.5.2019, Badische Landesbibliothek<\/strong><\/span><div id=\"target-id69f5db9c0d976\" class=\"collapseomatic_content \">\n17.00 Uhr \u00d6ffentliche Kuratorenf\u00fchrung<br \/>\nmit Sabine Sch\u00e4fer und Prof. Dr. Stefanie Steiner-Grage<\/p>\n<p>18.00 Uhr Vortrag und Werkauff\u00fchrung<br \/>\nWo finde ich Checkpoint Charlie? Das Medienarchiv aus dem Nachlass von<br \/>\nJoachim Krebs im Zentrum f\u00fcr Kunst und Medien, Vortrag von Dipl. Bibl. Hartmut J\u00f6rg, ZKM Karlsruhe<br \/>\nJoachim Krebs Rhizom III (1983), in der Fassung f\u00fcr drei Querfl\u00f6ten<\/div>\n&nbsp;<br \/>\n<span class=\"collapseomatic \" id=\"id69f5db9c0d9ee\"  tabindex=\"0\" title=\"&lt;strong&gt;Do, 16.5.2019, 19.30 Uhr, Hochschule f\u00fcr Musik Karlsruhe&lt;\/strong&gt;\"    ><strong>Do, 16.5.2019, 19.30 Uhr, Hochschule f\u00fcr Musik Karlsruhe<\/strong><\/span><div id=\"target-id69f5db9c0d9ee\" class=\"collapseomatic_content \">Gespr\u00e4chskonzert<br \/>\nTraumkraut und Rhizom<br \/>\nDer Komponist und Medienk\u00fcnstler Joachim Krebs (1952-2013)<\/p>\n<p>Dr. h. c. Hans C. Hachmann im Gespr\u00e4ch mit Sabine Sch\u00e4fer, Prof. Dr. Stefanie Steiner-Grage und Prof. Markus Stange, den Kuratoren der Ausstellung Leuchtender KLANG \u2013 Klingendes LICHT<\/p>\n<p>Joachim Krebs Rhizom II Version 2, 1991f\u00fcr Schlagzeug und ZuspielbandJoachim Krebs Duo f\u00fcr 2 Klaviere, 1986<\/div>\n&nbsp;<br \/>\n<span class=\"collapseomatic \" id=\"id69f5db9c0da4b\"  tabindex=\"0\" title=\"&lt;strong&gt;Fr, 24.5.2019, 20.00 Uhr, Zentrum f\u00fcr Kunst und Medien ZKM Karlsruhe&lt;\/strong&gt;\"    ><strong>Fr, 24.5.2019, 20.00 Uhr, Zentrum f\u00fcr Kunst und Medien ZKM Karlsruhe<\/strong><\/span><div id=\"target-id69f5db9c0da4b\" class=\"collapseomatic_content \">\u201cArtificial Soundscapes\u2026In-Between\u2026\u201d<br \/>\nWerke von Joachim Krebs und dem K\u00fcnstlerpaar &lt;SA\/JO&gt; treffen auf Kompositionen f\u00fcr Blockfl\u00f6te (und Elektronik) von Eug\u00e8ne Bozza, Kathrin A. Denner, Karel van Steenhoven und Ling-Hsuan Huang. Carolin E. Fischer, Blockfl\u00f6ten und Live-Elektronik<\/p>\n<p><a href=\"https:\/\/zkm.de\/de\/veranstaltung\/2019\/05\/artificial-soundscapes-in-between\" target=\"_blank\" rel=\"noopener noreferrer\">weiterf\u00fchrende Informationen&#8230;<\/a> <\/div>\n&nbsp;<br \/>\n<span class=\"collapseomatic \" id=\"id69f5db9c0daa0\"  tabindex=\"0\" title=\"&lt;strong&gt;Sa, 25.5.2019, 11.00 Uhr, Badische Landesbibliothek, Ausstellungsraum&lt;\/strong&gt;\"    ><strong>Sa, 25.5.2019, 11.00 Uhr, Badische Landesbibliothek, Ausstellungsraum<\/strong><\/span><div id=\"target-id69f5db9c0daa0\" class=\"collapseomatic_content \">\u00d6ffentliche Kuratorenf\u00fchrungmit Sabine Sch\u00e4fer und Prof. Dr. Stefanie Steiner-Grage<\/div>\n&nbsp;<br \/>\n<strong><span class=\"collapseomatic \" id=\"id69f5db9c0daf2\"  tabindex=\"0\" title=\"Fr, 7.6.2019, 19.00 Uhr Badische Landesbibliothek\"    >Fr, 7.6.2019, 19.00 Uhr Badische Landesbibliothek<\/span><div id=\"target-id69f5db9c0daf2\" class=\"collapseomatic_content \"><\/strong>Kammermusikkonzert mit Werken von Joachim Krebs, Oliver Messiaen und Franz Schubertund einem Vortrag von Prof. Dr. Stefanie Steiner-Grage <\/div>\n<p>&nbsp;<\/p>\n<p>Publikation: \u201eTraumkraut und Rhizom\u201c<br \/>\nPortrait \u00fcber den Komponisten und Medienk\u00fcnstler Joachim Krebs<br \/>\nvon Sabine Sch\u00e4fer, in: Musik in Baden-W\u00fcrttemberg. Jahrbuch 2017\/18,<br \/>\nhg. von der Gesellschaft f\u00fcr Musikgeschichte in Baden-W\u00fcrttemberg, 24. Band, Stuttgart: Metzler 2018.<\/p>\n<p><a href=\"http:\/\/joachimkrebs.de\/wp-content\/uploads\/2019\/06\/Publikation_Traumkraut.jpg\"><img loading=\"lazy\" decoding=\"async\" class=\"alignnone size-medium wp-image-309\" src=\"http:\/\/joachimkrebs.de\/wp-content\/uploads\/2019\/06\/Publikation_Traumkraut-300x225.jpg\" alt=\"\" width=\"300\" height=\"225\" srcset=\"http:\/\/joachimkrebs.de\/wp-content\/uploads\/2019\/06\/Publikation_Traumkraut-300x225.jpg 300w, http:\/\/joachimkrebs.de\/wp-content\/uploads\/2019\/06\/Publikation_Traumkraut-768x576.jpg 768w, http:\/\/joachimkrebs.de\/wp-content\/uploads\/2019\/06\/Publikation_Traumkraut-1024x768.jpg 1024w\" sizes=\"auto, (max-width: 300px) 100vw, 300px\" \/><\/a><br \/>\n<a href=\"https:\/\/www.springer.com\/de\/book\/9783476046819\" target=\"_blank\" rel=\"noopener noreferrer\">mehr<\/a><\/p>\n<p><strong>ZULETZT GESEHEN<\/strong><\/p>\n<p>Ausstellung: &#8222;Kommunikation als Prozesse des Lebens&#8220;<br \/>\nSchloss Lautrach, 20.03.-31.10.2018<br \/>\nWerke von Sabine Sch\u00e4fer und des K\u00fcnstlerpaars &lt;SA\/JO&gt;<br \/>\n<a href=\"http:\/\/sabineschaefer.de\/?page_id=1852&amp;preview_id=1852&amp;lang=de\" target=\"_blank\" rel=\"noopener noreferrer\">weiterf\u00fchrende Informationen<\/a><\/p>\n<p>Ausstellung: \u201eBewegt euch! \u2013 1968 und die Folgen in Karlsruhe\u201c<br \/>\nStadtmuseum Karlsruhe, 27.04.-14.10.2018<br \/>\nPr\u00e4sentation von Originaldokumenten des Musikers Joachim Krebs (kb, comp) als Mitglied der Polit-Rock-Band \u201eCheckpoint Charlie\u201c<\/p>\n<p><a class=\"fancybox\" href=\"http:\/\/joachimkrebs.de\/wp-content\/uploads\/2018\/09\/06_CPC_Stadtmuseum-KA_Bewegt-Euch.jpg\" rel=\"GALL_D\"><img loading=\"lazy\" decoding=\"async\" class=\"size-medium wp-image-236\" src=\"http:\/\/joachimkrebs.de\/wp-content\/uploads\/2018\/09\/01_CPC_Stadtmuseum-KA_Bewegt-Euch-300x169.jpg\" alt=\"Exhibition \u201dMove!\u201d - 1968 and the Consequences in Karlsruhe, Stadtmuseum Karlsruhe, April 27 to October 14, 2018\" width=\"300\" height=\"169\" srcset=\"http:\/\/joachimkrebs.de\/wp-content\/uploads\/2018\/09\/01_CPC_Stadtmuseum-KA_Bewegt-Euch-300x169.jpg 300w, http:\/\/joachimkrebs.de\/wp-content\/uploads\/2018\/09\/01_CPC_Stadtmuseum-KA_Bewegt-Euch-768x432.jpg 768w, http:\/\/joachimkrebs.de\/wp-content\/uploads\/2018\/09\/01_CPC_Stadtmuseum-KA_Bewegt-Euch-1024x576.jpg 1024w\" sizes=\"auto, (max-width: 300px) 100vw, 300px\" \/> <\/a><\/p>\n<div class=\"fancybox-hidden\"><a class=\"fancybox\" href=\"http:\/\/joachimkrebs.de\/wp-content\/uploads\/2018\/09\/05_CPC_Stadtmuseum-KA_Bewegt-Euch.jpg\" rel=\"GALL_D\"><br \/>\n<img loading=\"lazy\" decoding=\"async\" class=\"size-medium wp-image-237\" src=\"http:\/\/joachimkrebs.de\/wp-content\/uploads\/2018\/09\/02_CPC_Stadtmuseum-KA_Bewegt-Euch-300x169.jpg\" alt=\"Exhibition \u201dMove!\u201d - 1968 and the Consequences in Karlsruhe, Stadtmuseum Karlsruhe, April 27 to October 14, 2018\" width=\"300\" height=\"169\" srcset=\"http:\/\/joachimkrebs.de\/wp-content\/uploads\/2018\/09\/02_CPC_Stadtmuseum-KA_Bewegt-Euch-300x169.jpg 300w, http:\/\/joachimkrebs.de\/wp-content\/uploads\/2018\/09\/02_CPC_Stadtmuseum-KA_Bewegt-Euch-768x432.jpg 768w, http:\/\/joachimkrebs.de\/wp-content\/uploads\/2018\/09\/02_CPC_Stadtmuseum-KA_Bewegt-Euch-1024x576.jpg 1024w\" sizes=\"auto, (max-width: 300px) 100vw, 300px\" \/><br \/>\n<\/a><a class=\"fancybox\" href=\"http:\/\/joachimkrebs.de\/wp-content\/uploads\/2018\/09\/04_CPC_Stadtmuseum-KA_Bewegt-Euch.jpg\" rel=\"GALL_D\"><br \/>\n<img loading=\"lazy\" decoding=\"async\" class=\"size-medium wp-image-238\" src=\"http:\/\/joachimkrebs.de\/wp-content\/uploads\/2018\/09\/03_CPC_Stadtmuseum-KA_Bewegt-Euch-300x169.jpg\" alt=\"Exhibition \u201dMove!\u201d - 1968 and the Consequences in Karlsruhe, Stadtmuseum Karlsruhe, April 27 to October 14, 2018\" width=\"300\" height=\"169\" srcset=\"http:\/\/joachimkrebs.de\/wp-content\/uploads\/2018\/09\/03_CPC_Stadtmuseum-KA_Bewegt-Euch-300x169.jpg 300w, http:\/\/joachimkrebs.de\/wp-content\/uploads\/2018\/09\/03_CPC_Stadtmuseum-KA_Bewegt-Euch-768x432.jpg 768w, http:\/\/joachimkrebs.de\/wp-content\/uploads\/2018\/09\/03_CPC_Stadtmuseum-KA_Bewegt-Euch-1024x576.jpg 1024w\" sizes=\"auto, (max-width: 300px) 100vw, 300px\" \/><br \/>\n<\/a><a class=\"fancybox\" href=\"http:\/\/joachimkrebs.de\/wp-content\/uploads\/2018\/09\/03_CPC_Stadtmuseum-KA_Bewegt-Euch.jpg\" rel=\"GALL_D\"><br \/>\n<img loading=\"lazy\" decoding=\"async\" class=\"size-medium wp-image-239\" src=\"http:\/\/joachimkrebs.de\/wp-content\/uploads\/2018\/09\/04_CPC_Stadtmuseum-KA_Bewegt-Euch-300x169.jpg\" alt=\"Exhibition \u201dMove!\u201d - 1968 and the Consequences in Karlsruhe, Stadtmuseum Karlsruhe, April 27 to October 14, 2018\" width=\"300\" height=\"169\" \/><br \/>\n<\/a><a class=\"fancybox\" href=\"http:\/\/joachimkrebs.de\/wp-content\/uploads\/2018\/09\/02_CPC_Stadtmuseum-KA_Bewegt-Euch.jpg\" rel=\"GALL_D\"><br \/>\n<img loading=\"lazy\" decoding=\"async\" class=\"size-medium wp-image-240\" src=\"http:\/\/joachimkrebs.de\/wp-content\/uploads\/2018\/09\/05_CPC_Stadtmuseum-KA_Bewegt-Euch-300x169.jpg\" alt=\"Exhibition \u201dMove!\u201d - 1968 and the Consequences in Karlsruhe, Stadtmuseum Karlsruhe, April 27 to October 14, 2018\" width=\"300\" height=\"169\" \/><br \/>\n<\/a><a class=\"fancybox\" href=\"http:\/\/joachimkrebs.de\/wp-content\/uploads\/2018\/09\/01_CPC_Stadtmuseum-KA_Bewegt-Euch.jpg\" rel=\"GALL_D\"><br \/>\n<img loading=\"lazy\" decoding=\"async\" class=\"size-medium wp-image-241\" src=\"http:\/\/joachimkrebs.de\/wp-content\/uploads\/2018\/09\/06_CPC_Stadtmuseum-KA_Bewegt-Euch-300x169.jpg\" alt=\"Exhibition \u201dMove!\u201d - 1968 and the Consequences in Karlsruhe, Stadtmuseum Karlsruhe, April 27 to October 14, 2018\" width=\"300\" height=\"169\" srcset=\"http:\/\/joachimkrebs.de\/wp-content\/uploads\/2018\/09\/06_CPC_Stadtmuseum-KA_Bewegt-Euch-300x169.jpg 300w, http:\/\/joachimkrebs.de\/wp-content\/uploads\/2018\/09\/06_CPC_Stadtmuseum-KA_Bewegt-Euch-768x432.jpg 768w, http:\/\/joachimkrebs.de\/wp-content\/uploads\/2018\/09\/06_CPC_Stadtmuseum-KA_Bewegt-Euch-1024x576.jpg 1024w\" sizes=\"auto, (max-width: 300px) 100vw, 300px\" \/><br \/>\n<\/a><a href=\"https:\/\/www.karlsruhe.de\/b1\/stadtgeschichte\/stadtmuseum\/karlsruhe1968.de\" target=\"_blank\" rel=\"noopener noreferrer\">weiterf\u00fchrende Informationen<\/a><\/div>\n<p>Sammlung des ZKM: \u201eSonicRooms\u201c und \u201eMicroSonical Shining Biospheres No.1\u201c<br \/>\n\u00dcbernahme der Kunstwerke, ab Oktober 2018<\/p>\n<p>Ausstellung: \u201eDenn die Zeiten \u00e4ndern sich &#8230; Die 60er-Jahre in Baden-W\u00fcrttemberg\u201c<br \/>\nHaus der Geschichte Baden-W\u00fcrttemberg, 22.12.2017-24.06.2018<br \/>\nPr\u00e4sentation von Originaldokumenten des Musikers Joachim Krebs (kb, comp) als Mitglied der Polit-Rock-Band \u201eCheckpoint Charlie\u201c<br \/>\n<a class=\"fancybox\" href=\"http:\/\/joachimkrebs.de\/wp-content\/uploads\/2018\/09\/01_CPC_60er-Jahre_Haus-d-Geschichte-Ba-W\u00fc.jpg\" rel=\"GALL_E\"><br \/>\n<img loading=\"lazy\" decoding=\"async\" class=\"size-medium wp-image-243\" src=\"http:\/\/joachimkrebs.de\/wp-content\/uploads\/2018\/09\/01_CPC_60er-Jahre_Haus-d-Geschichte-Ba-W\u00fc-300x169.jpg\" alt=\"\u201dThe Times They Are A-Changin' - The Sixties in Baden-W\u00fcrttemberg\u201d, Haus der Geschichte Baden-W\u00fcrttemberg, December 22, 2017 to June 24, 2018\" width=\"300\" height=\"169\" \/><br \/>\n<\/a><\/p>\n<div class=\"fancybox-hidden\"><a class=\"fancybox\" href=\"http:\/\/joachimkrebs.de\/wp-content\/uploads\/2018\/09\/02_CPC_60er-Jahre_Haus-d-Geschichte-Ba-W\u00fc.jpg\" rel=\"GALL_E\"><br \/>\n<img loading=\"lazy\" decoding=\"async\" class=\"size-medium wp-image-244\" src=\"http:\/\/joachimkrebs.de\/wp-content\/uploads\/2018\/09\/02_CPC_60er-Jahre_Haus-d-Geschichte-Ba-W\u00fc-300x169.jpg\" alt=\"\u201dThe Times They Are A-Changin' - The Sixties in Baden-W\u00fcrttemberg\u201d, Haus der Geschichte Baden-W\u00fcrttemberg, December 22, 2017 to June 24, 2018\" width=\"300\" height=\"169\" srcset=\"http:\/\/joachimkrebs.de\/wp-content\/uploads\/2018\/09\/02_CPC_60er-Jahre_Haus-d-Geschichte-Ba-W\u00fc-300x169.jpg 300w, http:\/\/joachimkrebs.de\/wp-content\/uploads\/2018\/09\/02_CPC_60er-Jahre_Haus-d-Geschichte-Ba-W\u00fc-768x432.jpg 768w, http:\/\/joachimkrebs.de\/wp-content\/uploads\/2018\/09\/02_CPC_60er-Jahre_Haus-d-Geschichte-Ba-W\u00fc-1024x576.jpg 1024w\" sizes=\"auto, (max-width: 300px) 100vw, 300px\" \/><br \/>\n<\/a><br \/>\n<a class=\"fancybox\" href=\"http:\/\/joachimkrebs.de\/wp-content\/uploads\/2018\/09\/03_CPC_60er-Jahre_Haus-d-Geschichte-Ba-W\u00fc.jpg\" rel=\"GALL_E\"><br \/>\n<img loading=\"lazy\" decoding=\"async\" class=\"size-medium wp-image-245\" src=\"http:\/\/joachimkrebs.de\/wp-content\/uploads\/2018\/09\/03_CPC_60er-Jahre_Haus-d-Geschichte-Ba-W\u00fc-300x169.jpg\" alt=\"\u201dThe Times They Are A-Changin' - The Sixties in Baden-W\u00fcrttemberg\u201d, Haus der Geschichte Baden-W\u00fcrttemberg, December 22, 2017 to June 24, 2018\" width=\"300\" height=\"169\" srcset=\"http:\/\/joachimkrebs.de\/wp-content\/uploads\/2018\/09\/03_CPC_60er-Jahre_Haus-d-Geschichte-Ba-W\u00fc-300x169.jpg 300w, http:\/\/joachimkrebs.de\/wp-content\/uploads\/2018\/09\/03_CPC_60er-Jahre_Haus-d-Geschichte-Ba-W\u00fc-768x432.jpg 768w, http:\/\/joachimkrebs.de\/wp-content\/uploads\/2018\/09\/03_CPC_60er-Jahre_Haus-d-Geschichte-Ba-W\u00fc-1024x576.jpg 1024w\" sizes=\"auto, (max-width: 300px) 100vw, 300px\" \/><br \/>\n<\/a><br \/>\n<a class=\"fancybox\" href=\"http:\/\/joachimkrebs.de\/wp-content\/uploads\/2018\/09\/04_CPC_60er-Jahre_Haus-d-Geschichte-Ba-W\u00fc.jpg\" rel=\"GALL_E\"><br \/>\n<img loading=\"lazy\" decoding=\"async\" class=\"size-medium wp-image-246\" src=\"http:\/\/joachimkrebs.de\/wp-content\/uploads\/2018\/09\/04_CPC_60er-Jahre_Haus-d-Geschichte-Ba-W\u00fc-300x169.jpg\" alt=\"\u201dThe Times They Are A-Changin' - The Sixties in Baden-W\u00fcrttemberg\u201d, Haus der Geschichte Baden-W\u00fcrttemberg, December 22, 2017 to June 24, 2018\" width=\"300\" height=\"169\" srcset=\"http:\/\/joachimkrebs.de\/wp-content\/uploads\/2018\/09\/04_CPC_60er-Jahre_Haus-d-Geschichte-Ba-W\u00fc-300x169.jpg 300w, http:\/\/joachimkrebs.de\/wp-content\/uploads\/2018\/09\/04_CPC_60er-Jahre_Haus-d-Geschichte-Ba-W\u00fc-768x432.jpg 768w, http:\/\/joachimkrebs.de\/wp-content\/uploads\/2018\/09\/04_CPC_60er-Jahre_Haus-d-Geschichte-Ba-W\u00fc-1024x576.jpg 1024w\" sizes=\"auto, (max-width: 300px) 100vw, 300px\" \/><br \/>\n<\/a><br \/>\n<a class=\"fancybox\" href=\"http:\/\/joachimkrebs.de\/wp-content\/uploads\/2018\/09\/05_CPC_60er-Jahre_Haus-d-Geschichte-Ba-W\u00fc.jpg\" rel=\"GALL_E\"><br \/>\n<img loading=\"lazy\" decoding=\"async\" class=\"size-medium wp-image-247\" src=\"http:\/\/joachimkrebs.de\/wp-content\/uploads\/2018\/09\/05_CPC_60er-Jahre_Haus-d-Geschichte-Ba-W\u00fc-300x169.jpg\" alt=\"\u201dThe Times They Are A-Changin' - The Sixties in Baden-W\u00fcrttemberg\u201d, Haus der Geschichte Baden-W\u00fcrttemberg, December 22, 2017 to June 24, 2018\" width=\"300\" height=\"169\" srcset=\"http:\/\/joachimkrebs.de\/wp-content\/uploads\/2018\/09\/05_CPC_60er-Jahre_Haus-d-Geschichte-Ba-W\u00fc-300x169.jpg 300w, http:\/\/joachimkrebs.de\/wp-content\/uploads\/2018\/09\/05_CPC_60er-Jahre_Haus-d-Geschichte-Ba-W\u00fc-768x432.jpg 768w, http:\/\/joachimkrebs.de\/wp-content\/uploads\/2018\/09\/05_CPC_60er-Jahre_Haus-d-Geschichte-Ba-W\u00fc-1024x576.jpg 1024w\" sizes=\"auto, (max-width: 300px) 100vw, 300px\" \/><br \/>\n<\/a><\/div>\n<p><a href=\"https:\/\/www.hdgbw.de\/ausstellungen\/60er-jahre\/ausstellung\/\" target=\"_blank\" rel=\"noopener noreferrer\">weiterf\u00fchrende Informationen<\/a><\/p>\n<p>Ausstellung: &#8222;WHY KNOT? Rhizome \u2013 Connection \u2013 Icon&#8220;<br \/>\nGalerie GEDOK Karlsruhe, 13.01.-11.02.2018<br \/>\nWerke von Sabine Sch\u00e4fer und dem K\u00fcnstlerpaar &lt;SA\/JO&gt;<br \/>\n<a href=\"http:\/\/sabineschaefer.de\/?page_id=1736&amp;lang=de\" target=\"_blank\" rel=\"noopener noreferrer\">mehr\u2026<\/a><\/p>\n<p>Retrospektivausstellung, 18.05.-30.07.2017<br \/>\nJoachim Krebs: Deleuze und der Sampler als Audio-Mikroskop<br \/>\nAusstellung \u00fcber das k\u00fcnstlerische Schaffen des Komponisten und Klangk\u00fcnstlers Joachim Krebs<br \/>\n<a href=\"http:\/\/zkm.de\/event\/2017\/05\/joachim-krebs-deleuze-und-der-sampler-als-audio-mikroskop\" target=\"_blank\" rel=\"noopener noreferrer\">weiterf\u00fchrende Informationen<br \/>\n<\/a><\/p>\n<p><a class=\"fancybox\" href=\"http:\/\/joachimkrebs.de\/wp-content\/uploads\/2016\/10\/00_DSCN7864-komp.jpg\" rel=\"GALL_A\"> <img loading=\"lazy\" decoding=\"async\" class=\"size-medium wp-image-151\" src=\"http:\/\/joachimkrebs.de\/wp-content\/uploads\/2016\/10\/00_DSCN7864-komp-300x225.jpg\" alt=\"ZKM Center for Art and Media Karlsruhe, Retrospective Exhibition 18.05.-16.07.2017\" width=\"300\" height=\"225\" srcset=\"http:\/\/joachimkrebs.de\/wp-content\/uploads\/2016\/10\/00_DSCN7864-komp-300x225.jpg 300w, http:\/\/joachimkrebs.de\/wp-content\/uploads\/2016\/10\/00_DSCN7864-komp-768x576.jpg 768w, http:\/\/joachimkrebs.de\/wp-content\/uploads\/2016\/10\/00_DSCN7864-komp-1024x768.jpg 1024w\" sizes=\"auto, (max-width: 300px) 100vw, 300px\" \/> <\/a><\/p>\n<div class=\"fancybox-hidden\">\n<p><a class=\"fancybox\" href=\"http:\/\/joachimkrebs.de\/wp-content\/uploads\/2016\/10\/01_20170527_142459-komp.jpg\" rel=\"GALL_A\"><img class=\"size-medium wp-image-284\" alt=\"ZKM Center for Art and Media Karlsruhe, Retrospective Exhibition 18.05.-16.07.2017\" width=\"300\" height=\"225\" \/><\/a><\/p>\n<p><a class=\"fancybox\" href=\"http:\/\/joachimkrebs.de\/wp-content\/uploads\/2016\/10\/02_20170527_162346-komp.jpg\" rel=\"GALL_A\"><img class=\"size-medium wp-image-284\" alt=\"ZKM Center for Art and Media Karlsruhe, Retrospective Exhibition 18.05.-16.07.2017\" width=\"300\" height=\"225\" \/><\/a><\/p>\n<p><a class=\"fancybox\" href=\"http:\/\/joachimkrebs.de\/wp-content\/uploads\/2016\/10\/03_DSCN7866-komp.jpg\" rel=\"GALL_A\"><img class=\"size-medium wp-image-284\" alt=\"ZKM Center for Art and Media Karlsruhe, Retrospective Exhibition 18.05.-16.07.2017\" width=\"300\" height=\"225\" \/><\/a><\/p>\n<p><a class=\"fancybox\" href=\"http:\/\/joachimkrebs.de\/wp-content\/uploads\/2016\/10\/04_20170608_105108-komp.jpg\" rel=\"GALL_A\"><img class=\"size-medium wp-image-284\" alt=\"ZKM Center for Art and Media Karlsruhe, Retrospective Exhibition 18.05.-16.07.2017\" width=\"300\" height=\"225\" \/><\/a><\/p>\n<p><a class=\"fancybox\" href=\"http:\/\/joachimkrebs.de\/wp-content\/uploads\/2016\/10\/05_DSCN7833-komp.jpg\" rel=\"GALL_A\"><img class=\"size-medium wp-image-284\" alt=\"ZKM Center for Art and Media Karlsruhe, Retrospective Exhibition 18.05.-16.07.2017\" width=\"300\" height=\"225\" \/><\/a><\/p>\n<p><a class=\"fancybox\" href=\"http:\/\/joachimkrebs.de\/wp-content\/uploads\/2016\/10\/06_20170608_104745-komp.jpg\" rel=\"GALL_A\"><img class=\"size-medium wp-image-284\" alt=\"ZKM Center for Art and Media Karlsruhe, Retrospective Exhibition 18.05.-16.07.2017\" width=\"300\" height=\"225\" \/><\/a><\/p>\n<p><a class=\"fancybox\" href=\"http:\/\/joachimkrebs.de\/wp-content\/uploads\/2016\/10\/07_20170527_154608-komp.jpg\" rel=\"GALL_A\"><img class=\"size-medium wp-image-284\" alt=\"ZKM Center for Art and Media Karlsruhe, Retrospective Exhibition 18.05.-16.07.2017\" width=\"300\" height=\"225\" \/><\/a><\/p>\n<p><a class=\"fancybox\" href=\"http:\/\/joachimkrebs.de\/wp-content\/uploads\/2016\/10\/08_20170527_154632-komp.jpg\" rel=\"GALL_A\"><img class=\"size-medium wp-image-284\" alt=\"ZKM Center for Art and Media Karlsruhe, Retrospective Exhibition 18.05.-16.07.2017\" width=\"300\" height=\"225\" \/><\/a><\/p>\n<p><a class=\"fancybox\" href=\"http:\/\/joachimkrebs.de\/wp-content\/uploads\/2016\/10\/09_DSCN7837-komp.jpg\" rel=\"GALL_A\"><img class=\"size-medium wp-image-284\" alt=\"ZKM Center for Art and Media Karlsruhe, Retrospective Exhibition 18.05.-16.07.2017\" width=\"300\" height=\"225\" \/><\/a><\/p>\n<p><a class=\"fancybox\" href=\"http:\/\/joachimkrebs.de\/wp-content\/uploads\/2016\/10\/10_20170527_15027-komp.jpg\" rel=\"GALL_A\"><img class=\"size-medium wp-image-284\" alt=\"ZKM Center for Art and Media Karlsruhe, Retrospective Exhibition 18.05.-16.07.2017\" width=\"300\" height=\"225\" \/><\/a><\/p>\n<p><a class=\"fancybox\" href=\"http:\/\/joachimkrebs.de\/wp-content\/uploads\/2016\/10\/11_20170527_145027-komp.jpg\" rel=\"GALL_A\"><img class=\"size-medium wp-image-284\" alt=\"ZKM Center for Art and Media Karlsruhe, Retrospective Exhibition 18.05.-16.07.2017\" width=\"300\" height=\"225\" \/><\/a><\/p>\n<p><a class=\"fancybox\" href=\"http:\/\/joachimkrebs.de\/wp-content\/uploads\/2016\/10\/12_20170527_145155-komp.jpg\" rel=\"GALL_A\"><img class=\"size-medium wp-image-284\" alt=\"ZKM Center for Art and Media Karlsruhe, Retrospective Exhibition 18.05.-16.07.2017\" width=\"300\" height=\"225\" \/><\/a><\/p>\n<p><a class=\"fancybox\" href=\"http:\/\/joachimkrebs.de\/wp-content\/uploads\/2016\/10\/13_20170527_151202-komp.jpg\" rel=\"GALL_A\"><img class=\"size-medium wp-image-284\" alt=\"ZKM Center for Art and Media Karlsruhe, Retrospective Exhibition 18.05.-16.07.2017\" width=\"300\" height=\"225\" \/><\/a><\/p>\n<p><a class=\"fancybox\" href=\"http:\/\/joachimkrebs.de\/wp-content\/uploads\/2016\/10\/14_20170608_104628-komp.jpg\" rel=\"GALL_A\"><img class=\"size-medium wp-image-284\" alt=\"ZKM Center for Art and Media Karlsruhe, Retrospective Exhibition 18.05.-16.07.2017\" width=\"300\" height=\"225\" \/><\/a><\/p>\n<p><a class=\"fancybox\" href=\"http:\/\/joachimkrebs.de\/wp-content\/uploads\/2016\/10\/15_DSCN7860-komp.jpg\" rel=\"GALL_A\"><img class=\"size-medium wp-image-284\" alt=\"ZKM Center for Art and Media Karlsruhe, Retrospective Exhibition 18.05.-16.07.2017\" width=\"300\" height=\"225\" \/><\/a><\/p>\n<p><a class=\"fancybox\" href=\"http:\/\/joachimkrebs.de\/wp-content\/uploads\/2016\/10\/16_20170527_141622-komp.jpg\" rel=\"GALL_A\"><img class=\"size-medium wp-image-284\" alt=\"ZKM Center for Art and Media Karlsruhe, Retrospective Exhibition 18.05.-16.07.2017\" width=\"300\" height=\"225\" \/><\/a><\/p>\n<\/div>\n<p>Vortrag<br \/>\nWerke des Komponisten und Medienk\u00fcnstlers Joachim Krebs<br \/>\nReihe: \u201cB\u00fccherfunde in der Lounge\u201d<br \/>\nBadische Landesbibliothek Karlsruhe (BLB) 12. Oktober 2017, 18 Uhr<br \/>\nSabine Sch\u00e4fer<\/p>\n<p>Vortrag<br \/>\nVom kunstvollen Klang der Schrecken<br \/>\nDer Mikrokosmos der Natur in den Klangkompositionen des K\u00fcnstlerpaares &lt;SA\/JO&gt;<br \/>\nStaatliches Museum f\u00fcr Naturkunde SMNK Karlsruhe, 4. Juli 2017, 18.30 Uhr<br \/>\nSabine Sch\u00e4fer und Dr. Manfred Verhaagh<br \/>\n<a href=\"http:\/\/www.smnk.de\/information\/veranstaltungskalender\/event\/%E2%80%9EVom-kunstvollen-Klang-der-Schrecken%E2%80%9C-am-03-07-2017-1911\/\" target=\"_blank\" rel=\"noopener noreferrer\"><em>mehr&#8230;<\/em><\/a><\/p>\n<p>Vortrag<br \/>\nMikroskopischer Blick in den Naturklang<br \/>\n\u00dcber den Mikro- und Makrokosmos der Natur in den Werken des K\u00fcnstlerpaares &lt;SA\/JO&gt; Sabine Sch\u00e4fer \/Joachim Krebs<br \/>\nvon Sabine Sch\u00e4fer<br \/>\nZKM Medialounge um Sechs, 1. Juni 2017, 18 Uhr<br \/>\n<a href=\"http:\/\/zkm.de\/event\/2017\/06\/medialounge-um-sechs\" target=\"_blank\" rel=\"noopener noreferrer\">weiterf\u00fchrende Informationen<\/a><\/p>\n<p><a class=\"fancybox\" href=\"http:\/\/joachimkrebs.de\/wp-content\/uploads\/2016\/10\/01_20170601_ZKM-Vortrag.jpg\" rel=\"GALL_B\"> <img loading=\"lazy\" decoding=\"async\" class=\"size-medium wp-image-151\" src=\"http:\/\/joachimkrebs.de\/wp-content\/uploads\/2016\/10\/01_20170601_ZKM-Vortrag-225x300.jpg\" alt=\"ZKM Media lounge at six, lecture by Sabine Sch\u00e4fer, 01.06.2017\" width=\"300\" height=\"225\" \/> <\/a><\/p>\n<div class=\"fancybox-hidden\">\n<p><a class=\"fancybox\" href=\"http:\/\/joachimkrebs.de\/wp-content\/uploads\/2016\/10\/02_20170601_ZKM-Vortrag.jpg\" rel=\"GALL_B\"><img class=\"size-medium wp-image-284\" alt=\"ZKM Media lounge at six, lecture by Sabine Sch\u00e4fer, 01.06.2017\" width=\"300\" height=\"225\" \/><\/a><\/p>\n<p><a class=\"fancybox\" href=\"http:\/\/joachimkrebs.de\/wp-content\/uploads\/2016\/10\/05_20170601_ZKM-Vortrag.jpg\" rel=\"GALL_B\"><img class=\"size-medium wp-image-284\" alt=\"ZKM Media lounge at six, lecture by Sabine Sch\u00e4fer, 01.06.2017\" width=\"300\" height=\"225\" \/><\/a><\/p>\n<p><a class=\"fancybox\" href=\"http:\/\/joachimkrebs.de\/wp-content\/uploads\/2016\/10\/06_20170601_ZKM-Vortrag.jpg\" rel=\"GALL_B\"><img class=\"size-medium wp-image-284\" alt=\"ZKM Media lounge at six, lecture by Sabine Sch\u00e4fer, 01.06.2017\" width=\"300\" height=\"225\" \/><\/a><\/p>\n<\/div>\n<p>Konzert<br \/>\nIn-Between Earth and Sky<br \/>\nBadische Landesbibliothek Karlsruhe 18. Mai 2017, 19 Uhr<br \/>\nKammermusik und Medienkunst des Komponisten Joachim Krebs<br \/>\nAnl\u00e4sslich der \u00dcbernahme der Originalhandschriften des K\u00fcnstlers<br \/>\n<a href=\"http:\/\/www.blb-karlsruhe.de\/sammlungen\/musikalien\/bestand\/vor-und-nachlaesse-a-z\/#c907\" target=\"_blank\" rel=\"noopener noreferrer\">weiterf\u00fchrende Informationen<\/a><\/p>\n<p><a class=\"fancybox\" href=\"http:\/\/joachimkrebs.de\/wp-content\/uploads\/2016\/10\/00_BLB_18-05-2017_Vitrine-komp.jpg\" rel=\"GALL_C\"> <img loading=\"lazy\" decoding=\"async\" class=\"size-medium wp-image-151\" src=\"http:\/\/joachimkrebs.de\/wp-content\/uploads\/2016\/10\/00_BLB_18-05-2017_Vitrine-komp-300x225.jpg\" alt=\"Original handwritten scores by Joachim Krebs, BLB 18.5.17\" width=\"300\" height=\"225\" \/> <\/a><\/p>\n<div class=\"fancybox-hidden\">\n<p><a class=\"fancybox\" href=\"http:\/\/joachimkrebs.de\/wp-content\/uploads\/2016\/10\/01_BLB_18-05-17_Quintett-komp.jpg\" rel=\"GALL_C\"><img class=\"size-medium wp-image-284\" alt=\"Bl\u00e4serquintett Nr.1, Performance BLB 18.5.17\" width=\"300\" height=\"225\" \/><\/a><\/p>\n<p><a class=\"fancybox\" href=\"http:\/\/joachimkrebs.de\/wp-content\/uploads\/2016\/10\/02_BLB_18-05-2017_Trio-komp.jpg\" rel=\"GALL_C\"><img class=\"size-medium wp-image-284\" alt=\"Alien Lines and Fields, Performance BLB 18.5.17\" width=\"300\" height=\"225\" \/><\/a><\/p>\n<p><a class=\"fancybox\" href=\"http:\/\/joachimkrebs.de\/wp-content\/uploads\/2016\/10\/03_BLB_18-05-2017_Vortrag-komp.jpg\" rel=\"GALL_C\"><img class=\"size-medium wp-image-284\" alt=\"Lecture Sabine Sch\u00e4fer, BLB 18.5.17\" width=\"300\" height=\"225\" \/><\/a><\/p>\n<p><a class=\"fancybox\" href=\"http:\/\/joachimkrebs.de\/wp-content\/uploads\/2016\/10\/04_BLB_18-05-2017_Duo-Improviation-komp.jpg\" rel=\"GALL_C\"><img class=\"size-medium wp-image-284\" alt=\"Improvisation Markus Stange, Karel van Steenhoven\" width=\"300\" height=\"225\" \/><\/a><\/p>\n<p><a class=\"fancybox\" href=\"http:\/\/joachimkrebs.de\/wp-content\/uploads\/2016\/10\/05_BLB_18-05-2017_Duo-Hfe-Pos-komp.jpg\" rel=\"GALL_C\"><img class=\"size-medium wp-image-284\" alt=\"Seven Plateaus Between Earth and Sky, Performance BLB 18.5.17\" width=\"300\" height=\"225\" \/><\/a><\/p>\n<\/div>\n<p><strong>PERMANENT<\/strong><\/p>\n<p>RaumKlangInstallation<br \/>\nTopoSonic Tunnel<br \/>\n&lt;SA\/JO&gt; Sabine Sch\u00e4fer \/ Joachim Krebs<br \/>\nScience Center phaeno Wolfburg<br \/>\n<a href=\"http:\/\/sabineschaefer.de\/?page_id=38&amp;lang=de\">weiterf\u00fchrende Informationen<\/a><\/p>\n<p>RaumKlangInstallation<br \/>\nSonic Lines n\u00b4Rooms No. 7<br \/>\n&lt;SA\/JO&gt; Sabine Sch\u00e4fer \/ Joachim Krebs<br \/>\nZKM Zenrrum f\u00fcr Kunst und Medien Karlsruhe<br \/>\n<a href=\"http:\/\/zkm.de\/werk\/sonic-lines-n-rooms-no-7\" target=\"_blank\" rel=\"noopener noreferrer\">weiterf\u00fchrende Informationen<\/a><\/p>\n<h3>FORSCHUNG IM INNEREN DES KLANGS<\/h3>\n<h4>IN DEN WERKEN DES IM DEZEMBER VERSTORBENEN KLANGK\u00dcNSTLERS JOACHIM KREBS WURDE DAS UNH\u00d6RBARE H\u00d6RBAR<\/h4>\n<p>von John Dack ver\u00f6ffentlicht in der &#8222;<a href=\"http:\/\/www.musikderzeit.de\/\" target=\"_blank\" rel=\"noopener noreferrer\">Neue Zeitschrift f\u00fcr Musik<\/a>&#8220; (NZfM) Mai 2014<\/p>\n<p><a href=\"http:\/\/joachimkrebs.de\/wp-content\/uploads\/2016\/10\/Joachim_Krebs_ZKM_Karlsruhe_2009_klein.jpg\"><img loading=\"lazy\" decoding=\"async\" class=\"alignright wp-image-50 size-full\" src=\"http:\/\/joachimkrebs.de\/wp-content\/uploads\/2016\/10\/Joachim_Krebs_ZKM_Karlsruhe_2009_klein.jpg\" alt=\"Joachim Krebs am Eingang der SA\/JO-Installation \u00abMicroSonical Shining BiospheresNo. 1\u00bb im ZKM Karlsruhe 2009 \u00a9 ZKM | Foto: ONUK\" width=\"313\" height=\"337\" srcset=\"http:\/\/joachimkrebs.de\/wp-content\/uploads\/2016\/10\/Joachim_Krebs_ZKM_Karlsruhe_2009_klein.jpg 313w, http:\/\/joachimkrebs.de\/wp-content\/uploads\/2016\/10\/Joachim_Krebs_ZKM_Karlsruhe_2009_klein-279x300.jpg 279w\" sizes=\"auto, (max-width: 313px) 100vw, 313px\" \/><\/a>Man muss vorsichtig sein mit der Behauptung, dass Merkmale der k\u00fcnstlerischen Reifephase in fr\u00fchen Werken eines K\u00fcnstlers erkennbar sind. K\u00fcnstlerisches Schaffen ist selten so regelm\u00e4\u00dfig oder so leicht klassifizierbar. In den sp\u00e4ten 1960er Jahren war Joachim Krebs Mitglied der experimentellen Rock-Theatergruppe Checkpoint Charlie.Viele junge Rockmusiker brachten eher ihre jugendliche idealistische Begeisterung als reales politisches Bewusstsein zum Ausdruck. F\u00fcr Krebs dagegen war \u00abexperimentell\u00bb in der Tat eine exakte Beschreibung des Ethos von Checkpoint Charlie. Die 1960er Jahre waren nat\u00fcrlich eine Zeit, in der politische Realit\u00e4t \u2013 insbesondere in Deutschland \u2013 zu Formendes sozialen Engagements in allen Genres der Musik f\u00fchrte. Die Verbindung war unausweichlich. Zwei rote F\u00e4den aus dieser Zeit spannten sich durch seine nachfolgende Arbeit:<\/p>\n<p>Erstens best\u00e4tigten Krebs\u2019 fr\u00fche Experimente mit Tonbandger\u00e4ten die Rolle der Technik als Mittel zur Erforschung und des Hervorbringens der verborgenen Klangwelt und der Natur. Zweitens kann ein Interesse f\u00fcr soziales Engagement erkannt werden, das bei Krebs auch zu einem hoch entwickelten Sinn f\u00fcr Umweltbewusstsein f\u00fchrte.<\/p>\n<p class=\"textnormal\">Diese Aspekte seiner Arbeit verdienen eine n\u00e4here Betrachtung. Die Verwendung des Synthesizers in den 1970er Jahren erhielt Joachim Krebs\u2019 Auseinandersetzung mit Technik aufrecht. Alle Musiker, die in diesem Zeitraum Synthesizer benutzten, werden sich an den schrittweisen \u2013 und h\u00e4ufig unbehaglichen \u2013 \u00dcbergang von der analogen zur digitalen Technik erinnern. Krebs lehnte die Standardisierung, die Hand in Hand mit kommerziellen Entwicklungen in Design und Herstellung von Synthesizern ging, ab.<\/p>\n<p class=\"textnormal\">Er wandte sich stattdessen den besonderen Funktionen der digitalen Sampler zu, um<br \/>\nbislang unbekannte Klangwelten zu entdecken.<\/p>\n<p>Diese Art der Erkundung kann mit der Arbeit eines anderen Pioniers verglichen werden: In den 1940er und 1950er Jahren verwendete der Franzose Pierre Schaeffer Technik, die normalerweise f\u00fcr andere Zwecke im Medium Rundfunk gedacht war. Schaeffer behauptet, dass diese subversive Verwendung \u00abeine kreative Energie der Maschine freisetzt [\u2026]. Maschinen sind pl\u00f6tzlich nicht mehr damit zufrieden wiederzugeben, was ihnen gegeben<br \/>\nwurde. Sie haben begonnen, \u2013 wie aus eigenem Antrieb \u2013 etwas zu machen.\u00bb<\/p>\n<p>Technik wird aktiv. Ger\u00e4te wie das Tonbandger\u00e4t konnten \u00fcber ihre unmittelbare Funktion der Aufzeichnung und Wiedergabe hinausgehen, um Klangaspekte zu offenbaren, die unter normalen Bedingungen unbemerkt bleiben. Bei Schaeffer wurde der Prozess des Samplings mittels der Schellackplatte, des \u00abPhonogens\u00bb und des Magnetbandes durchgef\u00fchrt. Krebs verstand, dass Sampler Kl\u00e4nge nicht nur aufzeichnen und wiedergeben, sondern sie durch Umkehrung, Beschleunigung, Verz\u00f6gerung, Fragmentierung und Kombination auch<br \/>\ntransformieren k\u00f6nnen. Er betrachtete den Sampler als Klang-Molekularisierungsmaschine,<br \/>\nund unter Heranziehung der Schriften des Philosophen Gilles Deleuze untersuchte<br \/>\ner die Art und Weise, wie Klang als materielle Substanz zusammengehalten wird.<\/p>\n<p>Der Sampler wurde damit zu einem Instrument f\u00fcr etwas, das man als Verfahren zur forensischen Untersuchung von Klang bezeichnen k\u00f6nnte. Er wurde zu etwas, das<br \/>\nKrebs als EndoSonoSkop bezeichnete. Mikroskopie ist eine herk\u00f6mmliche wissenschaftliche<br \/>\nBezeichnung, aber der Unterschied zwischen dem Mikroskop und dem Endoskop ist wichtig:<\/p>\n<p class=\"textnormal\">Im Gegensatz zum Mikroskop, das Objekte von au\u00dfen untersucht, war Krebs\u2019 Absicht, die innere Welt des Klangs zu durchforschen. Um sein Innenleben zu h\u00f6ren. Durch die Beschleunigung und Verlangsamung von Klangereignissen und Prozessen, die vorher unh\u00f6rbar waren, gab die Mikrowelt der Kl\u00e4nge ungeh\u00f6rte Ph\u00e4nomene preis und gew\u00e4hrte einen Einblick in die bisher unh\u00f6rbare Welt der Natur.<\/p>\n<p>Um die Umschreibung einer \u00c4u\u00dferung Paul Klees zu zitieren, die im Begleittext zur CD <em>TopoPhonic Spheres<\/em> zu finden ist: \u00ab(Klang-)Kunst gibt nicht das Sichtbare (H\u00f6rbare) wieder, sondern macht sichtbar (h\u00f6rbar).\u00bb Die Serie der vier <em>Artificial Soundscapes<\/em> veranschaulicht sowohl die Verwendung der aus dem Sampler abgeleiteten Techniken, \u00abdas Unh\u00f6rbare h\u00f6rbar zu machen\u00bb, als auch Joachim Krebs\u2019 oben genannte \u00f6kologische Sensibilit\u00e4t. Alle Kl\u00e4nge stammen aus nat\u00fcrlichen Quellen;<\/p>\n<p><a href=\"http:\/\/joachimkrebs.de\/wp-content\/uploads\/2016\/10\/Checkpoint_Charlie_klein.jpg\"><img loading=\"lazy\" decoding=\"async\" class=\"alignright wp-image-55 size-full\" src=\"http:\/\/joachimkrebs.de\/wp-content\/uploads\/2016\/10\/Checkpoint_Charlie_klein.jpg\" alt=\"Checkpoint Charlie auf Burg Waldeck | 1970 Ganz links: Joachim Krebs (Keyboards, Komposition) \u00a9 Privatarchiv von Joachim Krebs\" width=\"351\" height=\"251\" srcset=\"http:\/\/joachimkrebs.de\/wp-content\/uploads\/2016\/10\/Checkpoint_Charlie_klein.jpg 351w, http:\/\/joachimkrebs.de\/wp-content\/uploads\/2016\/10\/Checkpoint_Charlie_klein-300x215.jpg 300w\" sizes=\"auto, (max-width: 351px) 100vw, 351px\" \/><\/a> die K\u00fcnstlichkeit ergibt sich aus den Techniken der digitalen Verarbeitung die den inneren Charakter der Kl\u00e4nge f\u00fcr den H\u00f6rer zum Vorschein treten l\u00e4sst.<br \/>\nDer so geschaffene Dualismus von Nat\u00fcrlichem und K\u00fcnstlichem stellt ein Feld von M\u00f6glichkeiten dar, in dem Krebs \u00abKlangmolek\u00fcle\u00bb erzeugen konnte, die in dichten oder durchsichtigen polyphonen Netzen transformiert und kombiniert wurden. Die Kl\u00e4nge behielten ihren Ursprungscharakter nicht, weil sie erkennbar blieben \u2013 die Trans-formationen und Wiederholungen lie\u00dfen eine solche genaue Identifizierung oft nicht zu \u2013 sondern weil die Eigenschaften der Kl\u00e4nge von Insekten oder Wasser ihre organische Sch\u00f6nheit bewahrten.<\/p>\n<p>Die Form des Werks ist nicht von \u00abau\u00dfen\u00bb auferlegt; sie resultiert aus der Stimmigkeit, mit der die Kl\u00e4nge buchst\u00e4blich komponiert werden, und mit der die durch Technik vermittelte dreigliedrige Beziehung Kunst \u2013 Natur \u2013 Mensch explizit gemacht wird. Sind die Artificial Soundscapes elektroakustische Kompositionen im engeren Sinne? Sicherlich k\u00f6nnen sie als solche betrachtet werden. Krebs\u2019 Absicht war es jedoch, eine Art von akustischer Kunst zu schaffen, die nicht den traditionellen Kategorien zuzuordnen ist. Sp\u00e4tere Entwicklungen, wie die Klanginstallation ProsaPhon aus der Berliner Ausstellung \u00abPoesie als Kunstklang\u00bb (2013), zeigen eine weitere Facette seiner F\u00e4higkeit, Kl\u00e4nge auseinanderzunehmen und zu rekonfigurieren. Poesie muss nicht \u2013 sollte nicht \u2013 Text auf einem Blatt bleiben. Die akustische Natur des gesprochenen Worts macht die klanglichen Qualit\u00e4ten von Krebs\u2019Arbeit sehr genau deutlich. Wir h\u00f6ren fl\u00fcchtige Klangeigenschaften, die sich nicht durch den Prozess der Aufnahme festhalten lassen, die subtilen Ver\u00e4nderungen der Klangfarbe und Intonation sowie rhythmischen Tonfall und das Zusammenspiel zwischen Konkretem und Abstraktem.<\/p>\n<p>ProsaPhon war eine Gemeinschaftsarbeit, und nat\u00fcrlich kann keine Diskussion \u00fcber das Werk von Joachim Krebs ohne Verweis auf seine k\u00fcnstlerische Partnerin Sabine Sch\u00e4fer beendet werden. Obwohl jeder der beiden K\u00fcnstler eigene Werke geschaffen hat \u2013 Krebs seine Artificial Soundscapes und Sch\u00e4fer ihr Raumklangkunst-Projekt TopoPhonien \u2013, hat ihre Zusammenarbeit Klangkunstwerke von tiefgreifender Sch\u00f6nheit hervorgebracht (vgl. <a href=\"http:\/\/www.sajo-art.de\" target=\"_blank\" rel=\"noopener noreferrer\">www.sajo-art.de<\/a>).<\/p>\n<p class=\"textnormal\">Gemeinsame Projekte zeigen ein verbindendes Interesse an nat\u00fcrlichen Kl\u00e4ngen<br \/>\nund Ger\u00e4uschen. <em>AquaAngelusVox<\/em> aus dem Jahr 1997 z.B. ist eine Raumklangkomposition, f\u00fcr die Wasser- und Vogelkl\u00e4nge sowie Frauenstimmen gesammelt und umgewandelt wurden, um mittels der Techniken der EndoSonoSkopie wieder als Klangmaterial pr\u00e4sentiert zu werden.<\/p>\n<p class=\"textnormal\">Ein neueres Projekt, die audiovisuelle Installation <em>SolarSonical Insects<\/em>, war Teil der Ausstellung \u00abSound Art. Klang als Medium der Kunst\u00bb im ZKM in Karlsruhe (2012\/13). In dieser Arbeit sind 7 200 Bilder der Sonne, die aus der NASA-Mission<br \/>\n\u00abSolar Dynamics Observatory\u00bb stammen, zu einem zehneinhalbmin\u00fctigen Video zusammengeschnitten. Diese beschleunigten Bilder verwandeln die Sonne in eine atemberaubende, sich langsam entwickelnde Scheibe. Dies wird durch Klangaufnahmen von Insekten wie Grillen und Zikaden begleitet. Im Gegensatz zu den beschleunigten Bildern sind die Klangaufnahmen verlangsamt.<\/p>\n<p class=\"textnormal\">Beide Verfahren erm\u00f6glichen dem Betrachter Zugang zu den Mikro- und Makrodimensionen der Natur. Keine der beiden Dimensionen w\u00e4re ohne ein solches atemberaubendes Kunstwerk erfahrbar.<\/p>\n<p class=\"textnormal\">Dar\u00fcber hinaus wird ihre Typologie von Klanginstallationen von bleibendem Nutzen f\u00fcr K\u00fcnstler und Studenten sein. Ich bin mir sicher, dass Joachim Krebs\u2019 Anwesenheit in Sabine Sch\u00e4fers zuk\u00fcnftigen Arbeiten offensichtlich sein wird.<\/p>\n<p class=\"textnormal\">Seine Reise ging von Tonbandcollagen zum Bonner \u00abBeethoven-Preis\u00bb, von KlangMikroskopie zur Poesie als Klangkunst. Mit gro\u00dfer Traurigkeit begreife ich erst jetzt allm\u00e4hlich, dass ich nicht mehr weiter mit ihm reisen kann. Der Romantiker Percy Bysshe Shelley schrieb in seiner <em>Verteidigung der Poesie<\/em>, dass die Poesie \u00abden Schleier von der verborgenen Sch\u00f6nheit der Welt l\u00fcftet\u00bb. Joachim Krebs\u2019 Arbeit erm\u00f6glicht es uns, die verborgene Sch\u00f6nheit derWelt zu h\u00f6ren, und das wird sicher das bleibende Verm\u00e4chtnis des im Dezember vergangenen Jahres verstorbenen K\u00fcnstlers sein.<\/p>\n<p class=\"textnormal\">John Dack , London<br \/>\n\u00dcbersetzung: Dr Ralf Nuhn<\/p>\n<p class=\"textnormal\"><span style=\"color: #999999;\">Dr. John Dack ist Musikwissenschaftler und arbeitet als Senior Lecturer (Musik und Technik) an der Middlesex Universit\u00e4t in London.Er hat erstmals im Jahr 1999 im Zusammenhang mit seiner Arbeit als Senior Research Fellow f\u00fcr Klangkunst an der Middlesex Universit\u00e4t in London mit dem K\u00fcnstlerpaar &lt;SA\/JO&gt; Kontakt aufgenommen. Im Jahr 2001 lud er das K\u00fcnstlerpaar ein einen Vortrag f\u00fcr Klangkunst-Studenten zu halten. Bei diesem Besuch haben sie auch ihre Arbeit \u201eSonic Lines n&#8217;Rooms No.5\u201c und Sabine Sch\u00e4fers \u201eWas erz\u00e4hlte ich \u00fcber \u201aSprach(t)r\u00e4ume\u2019?\u201c beim LimitedNOISE Festival in der Londoner 291 Galerie vorgestellt. Seit 2001 h\u00e4lt er engen Kontakt mit ihnen und besucht sie fast jedes Jahr in Karlsruhe. John hat Texte zu ihrem Buch \u201eTopoSonic Arts\u201c und ihrer CD \u201eAquaAngelusVox\u201c beigetragen. Dar\u00fcber hinaus hat er zusammen mit Dr. Ralf Nuhn mehrere Texte des K\u00fcnstlerpaars \u00fcbersetzt.<\/span><\/p>\n","protected":false},"excerpt":{"rendered":"<p>AUSSTELLUNGEN, KONZERTE, VORTR\u00c4GE, PUBLIKATIONEN Zum 70. Geburtstag von Joachim Krebs &#8211; Veranstaltungsreihe 2022\/23 &nbsp; Das Institut f\u00fcr Neue Musik der Hochschule f\u00fcr Musik Karlsruhe pr\u00e4sentiert eine dreiteilige Veranstaltungsreihe \u00fcber den K\u00fcnstler Joachim Krebs. In Kooperation mit der Badischen Landesbibliothek (BLB) und dem ZKM Karlsruhe wird ein weites Spektrum des Werkschaffens und der K\u00fcnstlerpers\u00f6nlichkeit aufgezeigt, durch <a href=\"http:\/\/joachimkrebs.de\/?page_id=5&#038;lang=de\"> read more <span class=\"meta-nav\"><\/span><\/a><\/p>\n","protected":false},"author":1,"featured_media":0,"parent":0,"menu_order":0,"comment_status":"closed","ping_status":"closed","template":"","meta":{"footnotes":"","_links_to":"","_links_to_target":""},"class_list":["post-5","page","type-page","status-publish","hentry"],"_links":{"self":[{"href":"http:\/\/joachimkrebs.de\/index.php?rest_route=\/wp\/v2\/pages\/5","targetHints":{"allow":["GET"]}}],"collection":[{"href":"http:\/\/joachimkrebs.de\/index.php?rest_route=\/wp\/v2\/pages"}],"about":[{"href":"http:\/\/joachimkrebs.de\/index.php?rest_route=\/wp\/v2\/types\/page"}],"author":[{"embeddable":true,"href":"http:\/\/joachimkrebs.de\/index.php?rest_route=\/wp\/v2\/users\/1"}],"replies":[{"embeddable":true,"href":"http:\/\/joachimkrebs.de\/index.php?rest_route=%2Fwp%2Fv2%2Fcomments&post=5"}],"version-history":[{"count":131,"href":"http:\/\/joachimkrebs.de\/index.php?rest_route=\/wp\/v2\/pages\/5\/revisions"}],"predecessor-version":[{"id":477,"href":"http:\/\/joachimkrebs.de\/index.php?rest_route=\/wp\/v2\/pages\/5\/revisions\/477"}],"wp:attachment":[{"href":"http:\/\/joachimkrebs.de\/index.php?rest_route=%2Fwp%2Fv2%2Fmedia&parent=5"}],"curies":[{"name":"wp","href":"https:\/\/api.w.org\/{rel}","templated":true}]}}